{"id":13144,"date":"2021-06-24T16:01:51","date_gmt":"2021-06-24T19:01:51","guid":{"rendered":"https:\/\/academica.uncoma.edu.ar\/?page_id=13144"},"modified":"2026-04-29T14:00:47","modified_gmt":"2026-04-29T17:00:47","slug":"direccion-de-orientacion-e-ingreso","status":"publish","type":"page","link":"https:\/\/academica.uncoma.edu.ar\/index.php\/direccion-de-orientacion-e-ingreso\/","title":{"rendered":"Orientaci\u00f3n e Ingreso Estudiantil"},"content":{"rendered":"\t\t<div data-elementor-type=\"wp-page\" data-elementor-id=\"13144\" class=\"elementor elementor-13144\" data-elementor-post-type=\"page\">\n\t\t\t\t\t\t<section class=\"elementor-section elementor-top-section elementor-element elementor-element-6b533a06 elementor-section-height-min-height elementor-section-boxed elementor-section-height-default elementor-section-items-middle\" data-id=\"6b533a06\" data-element_type=\"section\" data-e-type=\"section\" data-settings=\"{&quot;background_background&quot;:&quot;gradient&quot;,&quot;shape_divider_bottom&quot;:&quot;waves&quot;}\">\n\t\t\t\t\t\t\t<div class=\"elementor-background-overlay\"><\/div>\n\t\t\t\t\t\t<div class=\"elementor-shape elementor-shape-bottom\" aria-hidden=\"true\" data-negative=\"false\">\n\t\t\t<svg xmlns=\"http:\/\/www.w3.org\/2000\/svg\" viewBox=\"0 0 1000 100\" preserveAspectRatio=\"none\">\n\t<path class=\"elementor-shape-fill\" d=\"M421.9,6.5c22.6-2.5,51.5,0.4,75.5,5.3c23.6,4.9,70.9,23.5,100.5,35.7c75.8,32.2,133.7,44.5,192.6,49.7\n\tc23.6,2.1,48.7,3.5,103.4-2.5c54.7-6,106.2-25.6,106.2-25.6V0H0v30.3c0,0,72,32.6,158.4,30.5c39.2-0.7,92.8-6.7,134-22.4\n\tc21.2-8.1,52.2-18.2,79.7-24.2C399.3,7.9,411.6,7.5,421.9,6.5z\"\/>\n<\/svg>\t\t<\/div>\n\t\t\t\t\t<div class=\"elementor-container elementor-column-gap-default\">\n\t\t\t\t\t<div class=\"elementor-column elementor-col-100 elementor-top-column elementor-element elementor-element-30cd2c7\" data-id=\"30cd2c7\" data-element_type=\"column\" data-e-type=\"column\">\n\t\t\t<div class=\"elementor-widget-wrap elementor-element-populated\">\n\t\t\t\t\t\t<div class=\"elementor-element elementor-element-5d75a4b5 elementor-widget elementor-widget-heading\" data-id=\"5d75a4b5\" data-element_type=\"widget\" data-e-type=\"widget\" data-widget_type=\"heading.default\">\n\t\t\t\t<div class=\"elementor-widget-container\">\n\t\t\t\t\t<h2 class=\"elementor-heading-title elementor-size-default\">Orientaci\u00f3n \ne Ingreso Estudiantil<\/h2>\t\t\t\t<\/div>\n\t\t\t\t<\/div>\n\t\t\t\t\t<\/div>\n\t\t<\/div>\n\t\t\t\t\t<\/div>\n\t\t<\/section>\n\t\t\t\t<section class=\"elementor-section elementor-top-section elementor-element elementor-element-797c25df elementor-section-height-min-height elementor-section-boxed elementor-section-height-default elementor-section-items-middle\" data-id=\"797c25df\" data-element_type=\"section\" data-e-type=\"section\" data-settings=\"{&quot;background_background&quot;:&quot;classic&quot;}\">\n\t\t\t\t\t\t\t<div class=\"elementor-background-overlay\"><\/div>\n\t\t\t\t\t\t\t<div class=\"elementor-container elementor-column-gap-default\">\n\t\t\t\t\t<div class=\"elementor-column elementor-col-100 elementor-top-column elementor-element elementor-element-74ae661d\" data-id=\"74ae661d\" data-element_type=\"column\" data-e-type=\"column\">\n\t\t\t<div class=\"elementor-widget-wrap elementor-element-populated\">\n\t\t\t\t\t\t<div class=\"elementor-element elementor-element-2a70650 elementor-widget elementor-widget-image\" data-id=\"2a70650\" data-element_type=\"widget\" data-e-type=\"widget\" data-widget_type=\"image.default\">\n\t\t\t\t<div class=\"elementor-widget-container\">\n\t\t\t\t\t\t\t\t\t\t\t\t\t\t\t<img fetchpriority=\"high\" decoding=\"async\" width=\"768\" height=\"450\" src=\"https:\/\/academica.uncoma.edu.ar\/wp-content\/uploads\/2023\/08\/DOIE-logo-768x450.png\" class=\"attachment-medium_large size-medium_large wp-image-16738\" alt=\"\" srcset=\"https:\/\/academica.uncoma.edu.ar\/wp-content\/uploads\/2023\/08\/DOIE-logo-768x450.png 768w, https:\/\/academica.uncoma.edu.ar\/wp-content\/uploads\/2023\/08\/DOIE-logo-1536x900.png 1536w, https:\/\/academica.uncoma.edu.ar\/wp-content\/uploads\/2023\/08\/DOIE-logo.png 1980w\" sizes=\"(max-width: 768px) 100vw, 768px\" \/>\t\t\t\t\t\t\t\t\t\t\t\t\t\t\t<\/div>\n\t\t\t\t<\/div>\n\t\t\t\t<div class=\"elementor-element elementor-element-6b69685f elementor-widget elementor-widget-text-editor\" data-id=\"6b69685f\" data-element_type=\"widget\" data-e-type=\"widget\" data-widget_type=\"text-editor.default\">\n\t\t\t\t<div class=\"elementor-widget-container\">\n\t\t\t\t\t\t\t\t\t<p><strong>\u00bfQui\u00e9nes somos?<\/strong><\/p><p>La Direcci\u00f3n de Orientaci\u00f3n e Ingreso Estudiantil (DOIE) es un espacio en el cual los\/as interesados\/as pueden conocer las opciones acad\u00e9micas que ofrece la UNCO y acceder a la informaci\u00f3n acad\u00e9mico-administrativa necesaria para su inscripci\u00f3n.<\/p><p>Referentes:<br \/>Direcci\u00f3n: Prof. Daniela Coria\u00a0 \u00a0 \u00a0 \u00a0 \u00a0 \u00a0 \u00a0 \u00a0 \u00a0 \u00a0 \u00a0 \u00a0 \u00a0 \u00a0 \u00a0 \u00a0 \u00a0 \u00a0 \u00a0 \u00a0 \u00a0 \u00a0 \u00a0 \u00a0 \u00a0 \u00a0 \u00a0 \u00a0 \u00a0 \u00a0 \u00a0 \u00a0 \u00a0 \u00a0 \u00a0 \u00a0 \u00a0 \u00a0 \u00a0 \u00a0 \u00a0 \u00a0 \u00a0 \u00a0 \u00a0 \u00a0 \u00a0 \u00a0 \u00a0 \u00a0 \u00a0 \u00a0 \u00a0 \u00a0 \u00a0 \u00a0 \u00a0 \u00a0 \u00a0 \u00a0 \u00a0 \u00a0 \u00a0 \u00a0 \u00a0 \u00a0 \u00a0 \u00a0 \u00a0 \u00a0 \u00a0 \u00a0 \u00a0 \u00a0 \u00a0 \u00a0 \u00a0 \u00a0 \u00a0 \u00a0 \u00a0 \u00a0 \u00a0 \u00a0 \u00a0 \u00a0 \u00a0 \u00a0 \u00a0 \u00a0 \u00a0 \u00a0 \u00a0 \u00a0 \u00a0 Departamento de Orientaci\u00f3n y Seguimiento: Prof. y Psic. Jorge Saes\u00a0 \u00a0 \u00a0 \u00a0 \u00a0 \u00a0 \u00a0 \u00a0 \u00a0 \u00a0 \u00a0 \u00a0 \u00a0 \u00a0 \u00a0 \u00a0 \u00a0 \u00a0 \u00a0 \u00a0 \u00a0 \u00a0 \u00a0 \u00a0 \u00a0 \u00a0 \u00a0 \u00a0 \u00a0 \u00a0 \u00a0 \u00a0 \u00a0 \u00a0 \u00a0 \u00a0 \u00a0 \u00a0 \u00a0 \u00a0 \u00a0 \u00a0 \u00a0 \u00a0 \u00a0 \u00a0 \u00a0 \u00a0 \u00a0 \u00a0 \u00a0 \u00a0 \u00a0 \u00a0 \u00a0 \u00a0 \u00a0 \u00a0 \u00a0 \u00a0 \u00a0 \u00a0 \u00a0 \u00a0 \u00a0 \u00a0 \u00a0 \u00a0 \u00a0 \u00a0 \u00a0 Difusi\u00f3n: T\u00e9c. Soraya Vichich y GUT Florencia L\u00f3pez.<\/p><p><strong>\u00bfQu\u00e9 objetivos generales tiene la DOIE?<\/strong><\/p><p><strong>\u2022<\/strong> Promover la formaci\u00f3n profesional como un proyecto de vida.<br \/><strong>\u2022<\/strong> Colaborar en la reflexi\u00f3n y an\u00e1lisis de las diferentes variables y estrategias que intervienen en el proceso de elecci\u00f3n de una trayectoria acad\u00e9mica para favorecer y mejorar el acceso y permanencia de las personas en la universidad.<br \/><strong>\u2022<\/strong> Facilitar el conocimiento del futuro \u00e1mbito de estudio y de servicios que la UNCO brinda a los\/as estudiantes<br \/><strong>\u2022<\/strong> Fomentar la construcci\u00f3n del oficio de estudiante universitario en los\/as futuros\/as ingresantes.<br \/><strong>\u2022<\/strong> Impulsar la inclusi\u00f3n y contenci\u00f3n de estudiantes provenientes de localidades distantes. <br \/><strong>\u2022<\/strong> Implementar actividades orientadas a estudiantes pr\u00f3ximos\/as a egresar del secundario y comunidad en general.<br \/><strong>\u2022<\/strong> Trabajar en forma conjunta con los asesores pedag\u00f3gicos, equipos t\u00e9cnicos y directivos de instituciones educativas de nivel medio para promover el acceso a la educaci\u00f3n superior.<\/p>\t\t\t\t\t\t\t\t<\/div>\n\t\t\t\t<\/div>\n\t\t\t\t<div class=\"elementor-element elementor-element-fd643da elementor-widget elementor-widget-text-editor\" data-id=\"fd643da\" data-element_type=\"widget\" data-e-type=\"widget\" data-widget_type=\"text-editor.default\">\n\t\t\t\t<div class=\"elementor-widget-container\">\n\t\t\t\t\t\t\t\t\t<p style=\"text-align: center;\"><strong>Contacto: orientacion.estudiantil@central.uncoma.edu.ar\u00a0\u00a0<\/strong><\/p><p style=\"text-align: center;\"><strong><span style=\"font-size: 1rem;\">Segu\u00ed y compart\u00ed nuestras actividades a trav\u00e9s de nuestras redes sociales como \u00abDOIE &#8211; UNComa\u00bb<\/span><\/strong><\/p>\t\t\t\t\t\t\t\t<\/div>\n\t\t\t\t<\/div>\n\t\t\t\t<div class=\"elementor-element elementor-element-511e002 elementor-shape-circle elementor-grid-0 e-grid-align-center elementor-widget elementor-widget-social-icons\" data-id=\"511e002\" data-element_type=\"widget\" data-e-type=\"widget\" data-widget_type=\"social-icons.default\">\n\t\t\t\t<div class=\"elementor-widget-container\">\n\t\t\t\t\t\t\t<div class=\"elementor-social-icons-wrapper elementor-grid\" role=\"list\">\n\t\t\t\t\t\t\t<span class=\"elementor-grid-item\" role=\"listitem\">\n\t\t\t\t\t<a class=\"elementor-icon elementor-social-icon elementor-social-icon-facebook elementor-repeater-item-d4a94db\" href=\"https:\/\/www.facebook.com\/DOIE-UNComa-102478782332693\/\" target=\"_blank\">\n\t\t\t\t\t\t<span class=\"elementor-screen-only\">Facebook<\/span>\n\t\t\t\t\t\t<i aria-hidden=\"true\" class=\"fab fa-facebook\"><\/i>\t\t\t\t\t<\/a>\n\t\t\t\t<\/span>\n\t\t\t\t\t\t\t<span class=\"elementor-grid-item\" role=\"listitem\">\n\t\t\t\t\t<a class=\"elementor-icon elementor-social-icon elementor-social-icon-instagram elementor-repeater-item-97666ae\" href=\"https:\/\/www.instagram.com\/doie.uncoma\/\" target=\"_blank\">\n\t\t\t\t\t\t<span class=\"elementor-screen-only\">Instagram<\/span>\n\t\t\t\t\t\t<i aria-hidden=\"true\" class=\"fab fa-instagram\"><\/i>\t\t\t\t\t<\/a>\n\t\t\t\t<\/span>\n\t\t\t\t\t\t\t<span class=\"elementor-grid-item\" role=\"listitem\">\n\t\t\t\t\t<a class=\"elementor-icon elementor-social-icon elementor-social-icon-youtube elementor-repeater-item-9437f98\" href=\"https:\/\/www.youtube.com\/channel\/UCz3SOicJqAgdS8JdJ1nfGog\" target=\"_blank\">\n\t\t\t\t\t\t<span class=\"elementor-screen-only\">Youtube<\/span>\n\t\t\t\t\t\t<i aria-hidden=\"true\" class=\"fab fa-youtube\"><\/i>\t\t\t\t\t<\/a>\n\t\t\t\t<\/span>\n\t\t\t\t\t<\/div>\n\t\t\t\t\t\t<\/div>\n\t\t\t\t<\/div>\n\t\t\t\t<div class=\"elementor-element elementor-element-bece13a elementor-widget elementor-widget-spacer\" data-id=\"bece13a\" data-element_type=\"widget\" data-e-type=\"widget\" data-widget_type=\"spacer.default\">\n\t\t\t\t<div class=\"elementor-widget-container\">\n\t\t\t\t\t\t\t<div class=\"elementor-spacer\">\n\t\t\t<div class=\"elementor-spacer-inner\"><\/div>\n\t\t<\/div>\n\t\t\t\t\t\t<\/div>\n\t\t\t\t<\/div>\n\t\t\t\t<div class=\"elementor-element elementor-element-bfc5ba5 elementor-widget elementor-widget-button\" data-id=\"bfc5ba5\" data-element_type=\"widget\" data-e-type=\"widget\" data-widget_type=\"button.default\">\n\t\t\t\t<div class=\"elementor-widget-container\">\n\t\t\t\t\t\t\t\t\t<div class=\"elementor-button-wrapper\">\n\t\t\t\t\t<a class=\"elementor-button elementor-button-link elementor-size-sm\" href=\"https:\/\/ingreso.uncoma.edu.ar\/\" target=\"_blank\">\n\t\t\t\t\t\t<span class=\"elementor-button-content-wrapper\">\n\t\t\t\t\t\t\t\t\t<span class=\"elementor-button-text\">#IngresoUNCo2026<\/span>\n\t\t\t\t\t<\/span>\n\t\t\t\t\t<\/a>\n\t\t\t\t<\/div>\n\t\t\t\t\t\t\t\t<\/div>\n\t\t\t\t<\/div>\n\t\t\t\t\t<\/div>\n\t\t<\/div>\n\t\t\t\t\t<\/div>\n\t\t<\/section>\n\t\t\t\t<section class=\"elementor-section elementor-top-section elementor-element elementor-element-4067959a elementor-section-height-min-height elementor-reverse-tablet elementor-reverse-mobile elementor-section-boxed elementor-section-height-default elementor-section-items-middle\" data-id=\"4067959a\" data-element_type=\"section\" data-e-type=\"section\" data-settings=\"{&quot;background_background&quot;:&quot;classic&quot;}\">\n\t\t\t\t\t\t\t<div class=\"elementor-background-overlay\"><\/div>\n\t\t\t\t\t\t\t<div class=\"elementor-container elementor-column-gap-default\">\n\t\t\t\t\t<div class=\"elementor-column elementor-col-100 elementor-top-column elementor-element elementor-element-1e055610\" data-id=\"1e055610\" data-element_type=\"column\" data-e-type=\"column\" data-settings=\"{&quot;background_background&quot;:&quot;classic&quot;,&quot;motion_fx_motion_fx_scrolling&quot;:&quot;yes&quot;,&quot;motion_fx_translateY_effect&quot;:&quot;yes&quot;,&quot;motion_fx_translateY_speed&quot;:{&quot;unit&quot;:&quot;px&quot;,&quot;size&quot;:&quot;1.5&quot;,&quot;sizes&quot;:[]},&quot;motion_fx_translateY_affectedRange&quot;:{&quot;unit&quot;:&quot;%&quot;,&quot;size&quot;:&quot;&quot;,&quot;sizes&quot;:{&quot;start&quot;:0,&quot;end&quot;:100}},&quot;motion_fx_devices&quot;:[&quot;desktop&quot;,&quot;tablet&quot;,&quot;mobile&quot;]}\">\n\t\t\t<div class=\"elementor-widget-wrap elementor-element-populated\">\n\t\t\t\t\t\t<section class=\"elementor-section elementor-inner-section elementor-element elementor-element-927484a elementor-section-boxed elementor-section-height-default elementor-section-height-default\" data-id=\"927484a\" data-element_type=\"section\" data-e-type=\"section\">\n\t\t\t\t\t\t<div class=\"elementor-container elementor-column-gap-default\">\n\t\t\t\t\t<div class=\"elementor-column elementor-col-50 elementor-inner-column elementor-element elementor-element-30b1a70\" data-id=\"30b1a70\" data-element_type=\"column\" data-e-type=\"column\">\n\t\t\t<div class=\"elementor-widget-wrap elementor-element-populated\">\n\t\t\t\t\t\t<div class=\"elementor-element elementor-element-fb7a9c8 elementor-widget elementor-widget-image\" data-id=\"fb7a9c8\" data-element_type=\"widget\" data-e-type=\"widget\" data-widget_type=\"image.default\">\n\t\t\t\t<div class=\"elementor-widget-container\">\n\t\t\t\t\t\t\t\t\t\t\t\t\t\t\t<img decoding=\"async\" width=\"1088\" height=\"2560\" src=\"https:\/\/academica.uncoma.edu.ar\/wp-content\/uploads\/2025\/10\/Banners-Carreras-2025-1-scaled.jpg\" class=\"attachment-full size-full wp-image-18665\" alt=\"\" srcset=\"https:\/\/academica.uncoma.edu.ar\/wp-content\/uploads\/2025\/10\/Banners-Carreras-2025-1-scaled.jpg 1088w, https:\/\/academica.uncoma.edu.ar\/wp-content\/uploads\/2025\/10\/Banners-Carreras-2025-1-768x1807.jpg 768w, https:\/\/academica.uncoma.edu.ar\/wp-content\/uploads\/2025\/10\/Banners-Carreras-2025-1-653x1536.jpg 653w, https:\/\/academica.uncoma.edu.ar\/wp-content\/uploads\/2025\/10\/Banners-Carreras-2025-1-870x2048.jpg 870w\" sizes=\"(max-width: 1088px) 100vw, 1088px\" \/>\t\t\t\t\t\t\t\t\t\t\t\t\t\t\t<\/div>\n\t\t\t\t<\/div>\n\t\t\t\t\t<\/div>\n\t\t<\/div>\n\t\t\t\t<div class=\"elementor-column elementor-col-50 elementor-inner-column elementor-element elementor-element-66c397d\" data-id=\"66c397d\" data-element_type=\"column\" data-e-type=\"column\">\n\t\t\t<div class=\"elementor-widget-wrap elementor-element-populated\">\n\t\t\t\t\t\t<div class=\"elementor-element elementor-element-4d4b23c elementor-widget elementor-widget-image\" data-id=\"4d4b23c\" data-element_type=\"widget\" data-e-type=\"widget\" data-widget_type=\"image.default\">\n\t\t\t\t<div class=\"elementor-widget-container\">\n\t\t\t\t\t\t\t\t\t\t\t\t\t\t\t<img decoding=\"async\" width=\"1088\" height=\"2560\" src=\"https:\/\/academica.uncoma.edu.ar\/wp-content\/uploads\/2025\/10\/Banners-Carreras-2025-2-scaled.jpg\" class=\"attachment-full size-full wp-image-18666\" alt=\"\" srcset=\"https:\/\/academica.uncoma.edu.ar\/wp-content\/uploads\/2025\/10\/Banners-Carreras-2025-2-scaled.jpg 1088w, https:\/\/academica.uncoma.edu.ar\/wp-content\/uploads\/2025\/10\/Banners-Carreras-2025-2-768x1807.jpg 768w, https:\/\/academica.uncoma.edu.ar\/wp-content\/uploads\/2025\/10\/Banners-Carreras-2025-2-653x1536.jpg 653w, https:\/\/academica.uncoma.edu.ar\/wp-content\/uploads\/2025\/10\/Banners-Carreras-2025-2-870x2048.jpg 870w\" sizes=\"(max-width: 1088px) 100vw, 1088px\" \/>\t\t\t\t\t\t\t\t\t\t\t\t\t\t\t<\/div>\n\t\t\t\t<\/div>\n\t\t\t\t\t<\/div>\n\t\t<\/div>\n\t\t\t\t\t<\/div>\n\t\t<\/section>\n\t\t\t\t<div class=\"elementor-element elementor-element-dde57b1 elementor-widget elementor-widget-button\" data-id=\"dde57b1\" data-element_type=\"widget\" data-e-type=\"widget\" data-widget_type=\"button.default\">\n\t\t\t\t<div class=\"elementor-widget-container\">\n\t\t\t\t\t\t\t\t\t<div class=\"elementor-button-wrapper\">\n\t\t\t\t\t<a class=\"elementor-button elementor-button-link elementor-size-sm\" href=\"https:\/\/academica.uncoma.edu.ar\/wp-content\/uploads\/2025\/10\/Banners-Carreras-2025.pdf\" target=\"_blank\">\n\t\t\t\t\t\t<span class=\"elementor-button-content-wrapper\">\n\t\t\t\t\t\t<span class=\"elementor-button-icon\">\n\t\t\t\t<i aria-hidden=\"true\" class=\"far fa-file-pdf\"><\/i>\t\t\t<\/span>\n\t\t\t\t\t\t\t\t\t<span class=\"elementor-button-text\">Descargar PDF Carreras<\/span>\n\t\t\t\t\t<\/span>\n\t\t\t\t\t<\/a>\n\t\t\t\t<\/div>\n\t\t\t\t\t\t\t\t<\/div>\n\t\t\t\t<\/div>\n\t\t\t\t<div class=\"elementor-element elementor-element-ce7ffaa elementor-widget-divider--view-line elementor-widget elementor-widget-divider\" data-id=\"ce7ffaa\" data-element_type=\"widget\" data-e-type=\"widget\" data-widget_type=\"divider.default\">\n\t\t\t\t<div class=\"elementor-widget-container\">\n\t\t\t\t\t\t\t<div class=\"elementor-divider\">\n\t\t\t<span class=\"elementor-divider-separator\">\n\t\t\t\t\t\t<\/span>\n\t\t<\/div>\n\t\t\t\t\t\t<\/div>\n\t\t\t\t<\/div>\n\t\t\t\t<div class=\"elementor-element elementor-element-2ce990a elementor-widget elementor-widget-heading\" data-id=\"2ce990a\" data-element_type=\"widget\" data-e-type=\"widget\" data-widget_type=\"heading.default\">\n\t\t\t\t<div class=\"elementor-widget-container\">\n\t\t\t\t\t<h4 class=\"elementor-heading-title elementor-size-default\">\u00c1reas de Ingreso y Subsecretar\u00edas de Trayectorias Acad\u00e9micas <br>de las Unidades Acad\u00e9micas de la Universidad Nacional del Comahue<\/h4>\t\t\t\t<\/div>\n\t\t\t\t<\/div>\n\t\t\t\t<div class=\"elementor-element elementor-element-34b3178 elementor-widget-divider--view-line elementor-widget elementor-widget-divider\" data-id=\"34b3178\" data-element_type=\"widget\" data-e-type=\"widget\" data-widget_type=\"divider.default\">\n\t\t\t\t<div class=\"elementor-widget-container\">\n\t\t\t\t\t\t\t<div class=\"elementor-divider\">\n\t\t\t<span class=\"elementor-divider-separator\">\n\t\t\t\t\t\t<\/span>\n\t\t<\/div>\n\t\t\t\t\t\t<\/div>\n\t\t\t\t<\/div>\n\t\t<div class=\"elementor-element elementor-element-e46c6c5 e-grid e-con-boxed e-con e-parent\" data-id=\"e46c6c5\" data-element_type=\"container\" data-e-type=\"container\">\n\t\t\t\t\t<div class=\"e-con-inner\">\n\t\t\t\t<div class=\"elementor-element elementor-element-2adccfc elementor-widget elementor-widget-button\" data-id=\"2adccfc\" data-element_type=\"widget\" data-e-type=\"widget\" data-widget_type=\"button.default\">\n\t\t\t\t<div class=\"elementor-widget-container\">\n\t\t\t\t\t\t\t\t\t<div class=\"elementor-button-wrapper\">\n\t\t\t\t\t<a class=\"elementor-button elementor-button-link elementor-size-sm\" href=\"https:\/\/fainweb.uncoma.edu.ar\/index.php\/academica\/ingreso-y-permanencia\/\" target=\"_blank\">\n\t\t\t\t\t\t<span class=\"elementor-button-content-wrapper\">\n\t\t\t\t\t\t\t\t\t<span class=\"elementor-button-text\">Facultad de Ingenier\u00eda<\/span>\n\t\t\t\t\t<\/span>\n\t\t\t\t\t<\/a>\n\t\t\t\t<\/div>\n\t\t\t\t\t\t\t\t<\/div>\n\t\t\t\t<\/div>\n\t\t\t\t<div class=\"elementor-element elementor-element-d2f3041 elementor-widget elementor-widget-button\" data-id=\"d2f3041\" data-element_type=\"widget\" data-e-type=\"widget\" data-widget_type=\"button.default\">\n\t\t\t\t<div class=\"elementor-widget-container\">\n\t\t\t\t\t\t\t\t\t<div class=\"elementor-button-wrapper\">\n\t\t\t\t\t<a class=\"elementor-button elementor-button-link elementor-size-sm\" href=\"https:\/\/fahuweb.uncoma.edu.ar\/ingreso-y-permanencia\/\" target=\"_blank\">\n\t\t\t\t\t\t<span class=\"elementor-button-content-wrapper\">\n\t\t\t\t\t\t\t\t\t<span class=\"elementor-button-text\">Facultad de Humanidades<\/span>\n\t\t\t\t\t<\/span>\n\t\t\t\t\t<\/a>\n\t\t\t\t<\/div>\n\t\t\t\t\t\t\t\t<\/div>\n\t\t\t\t<\/div>\n\t\t\t\t<div class=\"elementor-element elementor-element-a8b08a4 elementor-widget elementor-widget-button\" data-id=\"a8b08a4\" data-element_type=\"widget\" data-e-type=\"widget\" data-widget_type=\"button.default\">\n\t\t\t\t<div class=\"elementor-widget-container\">\n\t\t\t\t\t\t\t\t\t<div class=\"elementor-button-wrapper\">\n\t\t\t\t\t<a class=\"elementor-button elementor-button-link elementor-size-sm\" href=\"https:\/\/fatuweb.uncoma.edu.ar\/fatu\/index.php\/subsecretaria-de-bienestar-y-trayectorias-educativas-de-la-fatu\/\" target=\"_blank\">\n\t\t\t\t\t\t<span class=\"elementor-button-content-wrapper\">\n\t\t\t\t\t\t\t\t\t<span class=\"elementor-button-text\">Facultad de Turismo<\/span>\n\t\t\t\t\t<\/span>\n\t\t\t\t\t<\/a>\n\t\t\t\t<\/div>\n\t\t\t\t\t\t\t\t<\/div>\n\t\t\t\t<\/div>\n\t\t\t\t<div class=\"elementor-element elementor-element-3d9914d elementor-widget elementor-widget-button\" data-id=\"3d9914d\" data-element_type=\"widget\" data-e-type=\"widget\" data-widget_type=\"button.default\">\n\t\t\t\t<div class=\"elementor-widget-container\">\n\t\t\t\t\t\t\t\t\t<div class=\"elementor-button-wrapper\">\n\t\t\t\t\t<a class=\"elementor-button elementor-button-link elementor-size-sm\" href=\"https:\/\/faeaweb.uncoma.edu.ar\/ingreso-y-permanencia\/\" target=\"_blank\">\n\t\t\t\t\t\t<span class=\"elementor-button-content-wrapper\">\n\t\t\t\t\t\t\t\t\t<span class=\"elementor-button-text\">facultad de Econom\u00eda y Administraci\u00f3n<\/span>\n\t\t\t\t\t<\/span>\n\t\t\t\t\t<\/a>\n\t\t\t\t<\/div>\n\t\t\t\t\t\t\t\t<\/div>\n\t\t\t\t<\/div>\n\t\t\t\t<div class=\"elementor-element elementor-element-7a27c13 elementor-widget elementor-widget-button\" data-id=\"7a27c13\" data-element_type=\"widget\" data-e-type=\"widget\" data-widget_type=\"button.default\">\n\t\t\t\t<div class=\"elementor-widget-container\">\n\t\t\t\t\t\t\t\t\t<div class=\"elementor-button-wrapper\">\n\t\t\t\t\t<a class=\"elementor-button elementor-button-link elementor-size-sm\" href=\"https:\/\/www.facebook.com\/profile.php?id=100063464773642\" target=\"_blank\">\n\t\t\t\t\t\t<span class=\"elementor-button-content-wrapper\">\n\t\t\t\t\t\t\t\t\t<span class=\"elementor-button-text\">Facultad de Ciencias del Ambiente y la Salud<\/span>\n\t\t\t\t\t<\/span>\n\t\t\t\t\t<\/a>\n\t\t\t\t<\/div>\n\t\t\t\t\t\t\t\t<\/div>\n\t\t\t\t<\/div>\n\t\t\t\t<div class=\"elementor-element elementor-element-d1c75d8 elementor-widget elementor-widget-button\" data-id=\"d1c75d8\" data-element_type=\"widget\" data-e-type=\"widget\" data-widget_type=\"button.default\">\n\t\t\t\t<div class=\"elementor-widget-container\">\n\t\t\t\t\t\t\t\t\t<div class=\"elementor-button-wrapper\">\n\t\t\t\t\t<a class=\"elementor-button elementor-button-link elementor-size-sm\" href=\"https:\/\/www.fi.uncoma.edu.ar\/index.php\/inscripciones\/\" target=\"_blank\">\n\t\t\t\t\t\t<span class=\"elementor-button-content-wrapper\">\n\t\t\t\t\t\t\t\t\t<span class=\"elementor-button-text\">Facultad de Inform\u00e1tica<\/span>\n\t\t\t\t\t<\/span>\n\t\t\t\t\t<\/a>\n\t\t\t\t<\/div>\n\t\t\t\t\t\t\t\t<\/div>\n\t\t\t\t<\/div>\n\t\t\t\t\t<\/div>\n\t\t\t\t<\/div>\n\t\t<div class=\"elementor-element elementor-element-281f07a e-grid e-con-boxed e-con e-parent\" data-id=\"281f07a\" data-element_type=\"container\" data-e-type=\"container\">\n\t\t\t\t\t<div class=\"e-con-inner\">\n\t\t\t\t<div class=\"elementor-element elementor-element-283726f elementor-widget elementor-widget-button\" data-id=\"283726f\" data-element_type=\"widget\" data-e-type=\"widget\" data-widget_type=\"button.default\">\n\t\t\t\t<div class=\"elementor-widget-container\">\n\t\t\t\t\t\t\t\t\t<div class=\"elementor-button-wrapper\">\n\t\t\t\t\t<a class=\"elementor-button elementor-button-link elementor-size-sm\" href=\"https:\/\/faceweb.uncoma.edu.ar\/trayectoriasacademicas.php\" target=\"_blank\">\n\t\t\t\t\t\t<span class=\"elementor-button-content-wrapper\">\n\t\t\t\t\t\t\t\t\t<span class=\"elementor-button-text\">Facultad de Ciencias de la Educaci\u00f3n y Psicolog\u00eda<\/span>\n\t\t\t\t\t<\/span>\n\t\t\t\t\t<\/a>\n\t\t\t\t<\/div>\n\t\t\t\t\t\t\t\t<\/div>\n\t\t\t\t<\/div>\n\t\t\t\t<div class=\"elementor-element elementor-element-fb12bcd elementor-widget elementor-widget-button\" data-id=\"fb12bcd\" data-element_type=\"widget\" data-e-type=\"widget\" data-widget_type=\"button.default\">\n\t\t\t\t<div class=\"elementor-widget-container\">\n\t\t\t\t\t\t\t\t\t<div class=\"elementor-button-wrapper\">\n\t\t\t\t\t<a class=\"elementor-button elementor-button-link elementor-size-sm\" href=\"https:\/\/medicina.uncoma.edu.ar\/index.php\/paginas\/secretaria-de-bienestar-y-asuntos-%20estudiantiles\/\" target=\"_blank\">\n\t\t\t\t\t\t<span class=\"elementor-button-content-wrapper\">\n\t\t\t\t\t\t\t\t\t<span class=\"elementor-button-text\">Facultad de Ciencias M\u00e9dicas<\/span>\n\t\t\t\t\t<\/span>\n\t\t\t\t\t<\/a>\n\t\t\t\t<\/div>\n\t\t\t\t\t\t\t\t<\/div>\n\t\t\t\t<\/div>\n\t\t\t\t<div class=\"elementor-element elementor-element-cc7b1e1 elementor-widget elementor-widget-button\" data-id=\"cc7b1e1\" data-element_type=\"widget\" data-e-type=\"widget\" data-widget_type=\"button.default\">\n\t\t\t\t<div class=\"elementor-widget-container\">\n\t\t\t\t\t\t\t\t\t<div class=\"elementor-button-wrapper\">\n\t\t\t\t\t<a class=\"elementor-button elementor-button-link elementor-size-sm\" href=\"https:\/\/facaweb.uncoma.edu.ar\/index.php\/institucional\/informacion-institucional\/equipos-de-gestion\/\" target=\"_blank\">\n\t\t\t\t\t\t<span class=\"elementor-button-content-wrapper\">\n\t\t\t\t\t\t\t\t\t<span class=\"elementor-button-text\">Facultad de Ciencias Agrarias<\/span>\n\t\t\t\t\t<\/span>\n\t\t\t\t\t<\/a>\n\t\t\t\t<\/div>\n\t\t\t\t\t\t\t\t<\/div>\n\t\t\t\t<\/div>\n\t\t\t\t<div class=\"elementor-element elementor-element-0c38e40 elementor-widget elementor-widget-button\" data-id=\"0c38e40\" data-element_type=\"widget\" data-e-type=\"widget\" data-widget_type=\"button.default\">\n\t\t\t\t<div class=\"elementor-widget-container\">\n\t\t\t\t\t\t\t\t\t<div class=\"elementor-button-wrapper\">\n\t\t\t\t\t<a class=\"elementor-button elementor-button-link elementor-size-sm\" href=\"https:\/\/fadelweb.uncoma.edu.ar\/ingreso-y-permanencia\/\" target=\"_blank\">\n\t\t\t\t\t\t<span class=\"elementor-button-content-wrapper\">\n\t\t\t\t\t\t\t\t\t<span class=\"elementor-button-text\">Facultad de Lenguas<\/span>\n\t\t\t\t\t<\/span>\n\t\t\t\t\t<\/a>\n\t\t\t\t<\/div>\n\t\t\t\t\t\t\t\t<\/div>\n\t\t\t\t<\/div>\n\t\t\t\t<div class=\"elementor-element elementor-element-73bb571 elementor-widget elementor-widget-button\" data-id=\"73bb571\" data-element_type=\"widget\" data-e-type=\"widget\" data-widget_type=\"button.default\">\n\t\t\t\t<div class=\"elementor-widget-container\">\n\t\t\t\t\t\t\t\t\t<div class=\"elementor-button-wrapper\">\n\t\t\t\t\t<a class=\"elementor-button elementor-button-link elementor-size-sm\" href=\"#\" target=\"_blank\">\n\t\t\t\t\t\t<span class=\"elementor-button-content-wrapper\">\n\t\t\t\t\t\t\t\t\t<span class=\"elementor-button-text\">Facultad de Derecho y Ciencias Sociales<\/span>\n\t\t\t\t\t<\/span>\n\t\t\t\t\t<\/a>\n\t\t\t\t<\/div>\n\t\t\t\t\t\t\t\t<\/div>\n\t\t\t\t<\/div>\n\t\t\t\t<div class=\"elementor-element elementor-element-9dc94c1 elementor-widget elementor-widget-button\" data-id=\"9dc94c1\" data-element_type=\"widget\" data-e-type=\"widget\" data-widget_type=\"button.default\">\n\t\t\t\t<div class=\"elementor-widget-container\">\n\t\t\t\t\t\t\t\t\t<div class=\"elementor-button-wrapper\">\n\t\t\t\t\t<a class=\"elementor-button elementor-button-link elementor-size-sm\" href=\"https:\/\/factaweb.uncoma.edu.ar\/?page_id=1770\" target=\"_blank\">\n\t\t\t\t\t\t<span class=\"elementor-button-content-wrapper\">\n\t\t\t\t\t\t\t\t\t<span class=\"elementor-button-text\">Facultad de Ciencias y Tecnolog\u00eda de los Alimentos<\/span>\n\t\t\t\t\t<\/span>\n\t\t\t\t\t<\/a>\n\t\t\t\t<\/div>\n\t\t\t\t\t\t\t\t<\/div>\n\t\t\t\t<\/div>\n\t\t\t\t\t<\/div>\n\t\t\t\t<\/div>\n\t\t<div class=\"elementor-element elementor-element-60d6399 e-grid e-con-boxed e-con e-parent\" data-id=\"60d6399\" data-element_type=\"container\" data-e-type=\"container\">\n\t\t\t\t\t<div class=\"e-con-inner\">\n\t\t\t\t<div class=\"elementor-element elementor-element-aa33f3e elementor-widget elementor-widget-button\" data-id=\"aa33f3e\" data-element_type=\"widget\" data-e-type=\"widget\" data-widget_type=\"button.default\">\n\t\t\t\t<div class=\"elementor-widget-container\">\n\t\t\t\t\t\t\t\t\t<div class=\"elementor-button-wrapper\">\n\t\t\t\t\t<a class=\"elementor-button elementor-size-sm\" role=\"button\">\n\t\t\t\t\t\t<span class=\"elementor-button-content-wrapper\">\n\t\t\t\t\t\t\t\t\t<span class=\"elementor-button-text\">Facultad de Ciencias Marinas<\/span>\n\t\t\t\t\t<\/span>\n\t\t\t\t\t<\/a>\n\t\t\t\t<\/div>\n\t\t\t\t\t\t\t\t<\/div>\n\t\t\t\t<\/div>\n\t\t\t\t<div class=\"elementor-element elementor-element-bd6bc5b elementor-widget elementor-widget-button\" data-id=\"bd6bc5b\" data-element_type=\"widget\" data-e-type=\"widget\" data-widget_type=\"button.default\">\n\t\t\t\t<div class=\"elementor-widget-container\">\n\t\t\t\t\t\t\t\t\t<div class=\"elementor-button-wrapper\">\n\t\t\t\t\t<a class=\"elementor-button elementor-button-link elementor-size-sm\" href=\"https:\/\/web.curza.uncoma.edu.ar\/bienestar\" target=\"_blank\">\n\t\t\t\t\t\t<span class=\"elementor-button-content-wrapper\">\n\t\t\t\t\t\t\t\t\t<span class=\"elementor-button-text\">Complejo Universiatrio Regional  Zona Atl\u00e1ntica y  Sur<\/span>\n\t\t\t\t\t<\/span>\n\t\t\t\t\t<\/a>\n\t\t\t\t<\/div>\n\t\t\t\t\t\t\t\t<\/div>\n\t\t\t\t<\/div>\n\t\t\t\t<div class=\"elementor-element elementor-element-52a4f6f elementor-widget elementor-widget-button\" data-id=\"52a4f6f\" data-element_type=\"widget\" data-e-type=\"widget\" data-widget_type=\"button.default\">\n\t\t\t\t<div class=\"elementor-widget-container\">\n\t\t\t\t\t\t\t\t\t<div class=\"elementor-button-wrapper\">\n\t\t\t\t\t<a class=\"elementor-button elementor-button-link elementor-size-sm\" href=\"https:\/\/app.crub.uncoma.edu.ar\/ingreso\/info\/3572\" target=\"_blank\">\n\t\t\t\t\t\t<span class=\"elementor-button-content-wrapper\">\n\t\t\t\t\t\t\t\t\t<span class=\"elementor-button-text\">Centro Region Universitario Bariloche<\/span>\n\t\t\t\t\t<\/span>\n\t\t\t\t\t<\/a>\n\t\t\t\t<\/div>\n\t\t\t\t\t\t\t\t<\/div>\n\t\t\t\t<\/div>\n\t\t\t\t<div class=\"elementor-element elementor-element-cc7cfa3 elementor-widget elementor-widget-button\" data-id=\"cc7cfa3\" data-element_type=\"widget\" data-e-type=\"widget\" data-widget_type=\"button.default\">\n\t\t\t\t<div class=\"elementor-widget-container\">\n\t\t\t\t\t\t\t\t\t<div class=\"elementor-button-wrapper\">\n\t\t\t\t\t<a class=\"elementor-button elementor-button-link elementor-size-sm\" href=\"https:\/\/crusmaweb.uncoma.edu.ar\/?page_id=25\" target=\"_blank\">\n\t\t\t\t\t\t<span class=\"elementor-button-content-wrapper\">\n\t\t\t\t\t\t\t\t\t<span class=\"elementor-button-text\">Centro  Regional Universitario San Mart\u00edn de los Andes<\/span>\n\t\t\t\t\t<\/span>\n\t\t\t\t\t<\/a>\n\t\t\t\t<\/div>\n\t\t\t\t\t\t\t\t<\/div>\n\t\t\t\t<\/div>\n\t\t\t\t<div class=\"elementor-element elementor-element-3be33f7 elementor-widget elementor-widget-button\" data-id=\"3be33f7\" data-element_type=\"widget\" data-e-type=\"widget\" data-widget_type=\"button.default\">\n\t\t\t\t<div class=\"elementor-widget-container\">\n\t\t\t\t\t\t\t\t\t<div class=\"elementor-button-wrapper\">\n\t\t\t\t\t<a class=\"elementor-button elementor-button-link elementor-size-sm\" href=\"#\" target=\"_blank\">\n\t\t\t\t\t\t<span class=\"elementor-button-content-wrapper\">\n\t\t\t\t\t\t\t\t\t<span class=\"elementor-button-text\">Centro Regional Universitario Zapala<\/span>\n\t\t\t\t\t<\/span>\n\t\t\t\t\t<\/a>\n\t\t\t\t<\/div>\n\t\t\t\t\t\t\t\t<\/div>\n\t\t\t\t<\/div>\n\t\t\t\t<div class=\"elementor-element elementor-element-1f1b9e4 elementor-widget elementor-widget-button\" data-id=\"1f1b9e4\" data-element_type=\"widget\" data-e-type=\"widget\" data-widget_type=\"button.default\">\n\t\t\t\t<div class=\"elementor-widget-container\">\n\t\t\t\t\t\t\t\t\t<div class=\"elementor-button-wrapper\">\n\t\t\t\t\t<a class=\"elementor-button elementor-button-link elementor-size-sm\" href=\"#\" target=\"_blank\">\n\t\t\t\t\t\t<span class=\"elementor-button-content-wrapper\">\n\t\t\t\t\t\t\t\t\t<span class=\"elementor-button-text\">Centro Regional Universitario Zapala Sede Chos Malal<\/span>\n\t\t\t\t\t<\/span>\n\t\t\t\t\t<\/a>\n\t\t\t\t<\/div>\n\t\t\t\t\t\t\t\t<\/div>\n\t\t\t\t<\/div>\n\t\t\t\t\t<\/div>\n\t\t\t\t<\/div>\n\t\t\t\t<div class=\"elementor-element elementor-element-e3eb4e3 elementor-widget elementor-widget-spacer\" data-id=\"e3eb4e3\" data-element_type=\"widget\" data-e-type=\"widget\" data-widget_type=\"spacer.default\">\n\t\t\t\t<div class=\"elementor-widget-container\">\n\t\t\t\t\t\t\t<div class=\"elementor-spacer\">\n\t\t\t<div class=\"elementor-spacer-inner\"><\/div>\n\t\t<\/div>\n\t\t\t\t\t\t<\/div>\n\t\t\t\t<\/div>\n\t\t\t\t<div class=\"elementor-element elementor-element-c74e350 elementor-widget elementor-widget-heading\" data-id=\"c74e350\" data-element_type=\"widget\" data-e-type=\"widget\" data-widget_type=\"heading.default\">\n\t\t\t\t<div class=\"elementor-widget-container\">\n\t\t\t\t\t<h4 class=\"elementor-heading-title elementor-size-default\">NOVEDADES - NOVEDADES - NOVEDADES - NOVEDADES - NOVEDADES<\/h4>\t\t\t\t<\/div>\n\t\t\t\t<\/div>\n\t\t\t\t<div class=\"elementor-element elementor-element-1349221 elementor-widget elementor-widget-heading\" data-id=\"1349221\" data-element_type=\"widget\" data-e-type=\"widget\" data-widget_type=\"heading.default\">\n\t\t\t\t<div class=\"elementor-widget-container\">\n\t\t\t\t\t<h4 class=\"elementor-heading-title elementor-size-default\">\"Talleres y charlas de Orientaci\u00f3n Vocacional\" (OVO)<\/h4>\t\t\t\t<\/div>\n\t\t\t\t<\/div>\n\t\t\t\t<section class=\"elementor-section elementor-inner-section elementor-element elementor-element-90524c9 elementor-section-boxed elementor-section-height-default elementor-section-height-default\" data-id=\"90524c9\" data-element_type=\"section\" data-e-type=\"section\">\n\t\t\t\t\t\t<div class=\"elementor-container elementor-column-gap-default\">\n\t\t\t\t\t<div class=\"elementor-column elementor-col-50 elementor-inner-column elementor-element elementor-element-a111ed7\" data-id=\"a111ed7\" data-element_type=\"column\" data-e-type=\"column\" data-settings=\"{&quot;background_background&quot;:&quot;classic&quot;}\">\n\t\t\t<div class=\"elementor-widget-wrap elementor-element-populated\">\n\t\t\t\t\t\t<div class=\"elementor-element elementor-element-454bb5b elementor-widget elementor-widget-text-editor\" data-id=\"454bb5b\" data-element_type=\"widget\" data-e-type=\"widget\" data-widget_type=\"text-editor.default\">\n\t\t\t\t<div class=\"elementor-widget-container\">\n\t\t\t\t\t\t\t\t\t<p>\u00bfEst\u00e1s terminando la escuela secundaria y circula la pregunta acerca del qu\u00e9 hacer el a\u00f1o que viene? \u00bfSe te dificulta pensar en tu elecci\u00f3n vocacional? \u00bfQuer\u00e9s conocer m\u00e1s info de todas las carreras de la UNCo? \ud83e\udded\u2728<\/p><p>Desde la DOIE te invitamos a nuestros Talleres Tem\u00e1ticos de Orientaci\u00f3n Vocacional. Un espacio pensado para habilitar preguntas que permitan reflexionar, buscar informaci\u00f3n y tomar decisiones, teniendo en cuenta que cada elecci\u00f3n es situada.<\/p><p>Importante: No vamos a decirte qu\u00e9 estudiar, sino a construir recursos para que puedas resignificar tu elecci\u00f3n vocacional. \u270a<\/p><p>\ud83d\udcc5 Agend\u00e1 los s\u00e1bados:<br \/>\ud83d\udccd 16 de mayo: Puntos de partida.<br \/>\ud83d\udccd 30 de mayo: Cartograf\u00eda de intereses.<br \/>\ud83d\udccd 6 de junio: La elecci\u00f3n situada.<br \/>\ud83d\udccd 4 de julio: Escenarios laborales.<\/p><p>\u231a Hora: 11 a 14 hs.<br \/>\ud83d\udccd Lugar: Aula Magna \u00abSalvador Allende\u00bb, Sede Neuqu\u00e9n UNCo. (calle Buenos Aires 1400).<br \/>\ud83c\udd93 Es una actividad libre y gratuita. No requiere inscripci\u00f3n previa.<\/p><p>\ud83e\udd29 Pod\u00e9s participar con compa\u00f1eros\/as y amigos\/as que est\u00e9n interesados\/as en la actividad.<\/p><p>\u00a1Te esperamos para acompa\u00f1arte a mapear un trayecto futuro!<\/p><p>\u00a0<\/p>\t\t\t\t\t\t\t\t<\/div>\n\t\t\t\t<\/div>\n\t\t\t\t\t<\/div>\n\t\t<\/div>\n\t\t\t\t<div class=\"elementor-column elementor-col-50 elementor-inner-column elementor-element elementor-element-ea870e8\" data-id=\"ea870e8\" data-element_type=\"column\" data-e-type=\"column\" data-settings=\"{&quot;background_background&quot;:&quot;classic&quot;}\">\n\t\t\t<div class=\"elementor-widget-wrap elementor-element-populated\">\n\t\t\t\t\t\t<div class=\"elementor-element elementor-element-6d91f3b elementor-widget elementor-widget-image\" data-id=\"6d91f3b\" data-element_type=\"widget\" data-e-type=\"widget\" data-widget_type=\"image.default\">\n\t\t\t\t<div class=\"elementor-widget-container\">\n\t\t\t\t\t\t\t\t\t\t\t\t\t\t\t<img loading=\"lazy\" decoding=\"async\" width=\"1080\" height=\"1350\" src=\"https:\/\/academica.uncoma.edu.ar\/wp-content\/uploads\/2026\/04\/684133445_989840816928477_8881004001167096094_n.jpg\" class=\"attachment-large size-large wp-image-19072\" alt=\"\" srcset=\"https:\/\/academica.uncoma.edu.ar\/wp-content\/uploads\/2026\/04\/684133445_989840816928477_8881004001167096094_n.jpg 1080w, https:\/\/academica.uncoma.edu.ar\/wp-content\/uploads\/2026\/04\/684133445_989840816928477_8881004001167096094_n-768x960.jpg 768w\" sizes=\"(max-width: 1080px) 100vw, 1080px\" \/>\t\t\t\t\t\t\t\t\t\t\t\t\t\t\t<\/div>\n\t\t\t\t<\/div>\n\t\t\t\t\t<\/div>\n\t\t<\/div>\n\t\t\t\t\t<\/div>\n\t\t<\/section>\n\t\t\t\t<div class=\"elementor-element elementor-element-92b5885 elementor-widget elementor-widget-heading\" data-id=\"92b5885\" data-element_type=\"widget\" data-e-type=\"widget\" data-widget_type=\"heading.default\">\n\t\t\t\t<div class=\"elementor-widget-container\">\n\t\t\t\t\t<h4 class=\"elementor-heading-title elementor-size-default\">\"Talleres y charlas de Orientaci\u00f3n Vocacional\" (OVO)<\/h4>\t\t\t\t<\/div>\n\t\t\t\t<\/div>\n\t\t\t\t<section class=\"elementor-section elementor-inner-section elementor-element elementor-element-494b41a elementor-section-boxed elementor-section-height-default elementor-section-height-default\" data-id=\"494b41a\" data-element_type=\"section\" data-e-type=\"section\">\n\t\t\t\t\t\t<div class=\"elementor-container elementor-column-gap-default\">\n\t\t\t\t\t<div class=\"elementor-column elementor-col-50 elementor-inner-column elementor-element elementor-element-be62aaa\" data-id=\"be62aaa\" data-element_type=\"column\" data-e-type=\"column\" data-settings=\"{&quot;background_background&quot;:&quot;classic&quot;}\">\n\t\t\t<div class=\"elementor-widget-wrap elementor-element-populated\">\n\t\t\t\t\t\t<div class=\"elementor-element elementor-element-724649f elementor-widget elementor-widget-text-editor\" data-id=\"724649f\" data-element_type=\"widget\" data-e-type=\"widget\" data-widget_type=\"text-editor.default\">\n\t\t\t\t<div class=\"elementor-widget-container\">\n\t\t\t\t\t\t\t\t\t<p>\u2022 Estas actividades, a cargo del Prof. Y Psic.Jorge Saes, tienen como objetivo acompa\u00f1ar a los futuros ingresantes en el proceso de elecci\u00f3n de una carrera a trav\u00e9s de diferentes intervenciones de orientaci\u00f3n vocacional:<\/p><p>\u2022 Talleres tem\u00e1ticos de orientaci\u00f3n Vocacional: se realizar\u00e1n en el Aula Magna \u201cSalvador Allende\u201d los d\u00edas s\u00e1bados de 11:00 a 14:00 horas. Es una actividad destinada a estudiante pr\u00f3ximos a egresar del nivel medio y comunidad en general. No requiere inscripci\u00f3n previa y pretende un seguimiento y acompa\u00f1amiento en el proceso de elecci\u00f3n de carreras.<\/p><p>\u2022 Talleres de Orientaci\u00f3n Construyendo Vocaciones: destinado a estudiantes de turno vespertino o nocturno, en el horario de 19:00 a 22:00 horas,\u00a0 en el Aula Magna \u201cSalvador Allende\u201d, con previa coordinaci\u00f3n con las escuelas secundarias de planes de 3 y 4 a\u00f1os.<\/p>\t\t\t\t\t\t\t\t<\/div>\n\t\t\t\t<\/div>\n\t\t\t\t\t<\/div>\n\t\t<\/div>\n\t\t\t\t<div class=\"elementor-column elementor-col-50 elementor-inner-column elementor-element elementor-element-9876ccc\" data-id=\"9876ccc\" data-element_type=\"column\" data-e-type=\"column\" data-settings=\"{&quot;background_background&quot;:&quot;classic&quot;}\">\n\t\t\t<div class=\"elementor-widget-wrap elementor-element-populated\">\n\t\t\t\t\t\t<div class=\"elementor-element elementor-element-95c0b16 elementor-widget elementor-widget-text-editor\" data-id=\"95c0b16\" data-element_type=\"widget\" data-e-type=\"widget\" data-widget_type=\"text-editor.default\">\n\t\t\t\t<div class=\"elementor-widget-container\">\n\t\t\t\t\t\t\t\t\t<p>\u2022 Procesos Grupales de Orientaci\u00f3n Vocacional: comenzar\u00e1n en el mes de junio, luego de los primeros talleres tem\u00e1ticos de Orientaci\u00f3n Vocacional. Ser\u00e1n cuatro o cinco encuentros con frecuencia semanal y en grupos reducidos de participantes. Es una actividad con inscripci\u00f3n previa. Lugar a designar.<\/p><p>\u2022 Espacios de orientaci\u00f3n vocacional en l\u00ednea (modalidad virtual): en el segundo cuatrimestre del a\u00f1o se definir\u00e1n fechas y un formato espec\u00edfico de acompa\u00f1amiento a estudiantes con modalidad virtual.<\/p><p>\u2022 Charlas de Orientaci\u00f3n Vocacional en Expo Vocacionales.<\/p><p>\u2022 Espacio de Orientaci\u00f3n para familias de ingresantes universitarios: fecha a definir en el mes de diciembre.<\/p><p>M\u00e1s informaci\u00f3n:<br \/>Tel\u00e9fono: (0299) 4490300 interno 259.<br \/>Mail: talleres.vocacionales@central.uncoma.edu.ar<\/p>\t\t\t\t\t\t\t\t<\/div>\n\t\t\t\t<\/div>\n\t\t\t\t\t<\/div>\n\t\t<\/div>\n\t\t\t\t\t<\/div>\n\t\t<\/section>\n\t\t\t\t<div class=\"elementor-element elementor-element-3d9b78c elementor-widget elementor-widget-image\" data-id=\"3d9b78c\" data-element_type=\"widget\" data-e-type=\"widget\" data-widget_type=\"image.default\">\n\t\t\t\t<div class=\"elementor-widget-container\">\n\t\t\t\t\t\t\t\t\t\t\t\t\t\t\t<img loading=\"lazy\" decoding=\"async\" width=\"2560\" height=\"963\" src=\"https:\/\/academica.uncoma.edu.ar\/wp-content\/uploads\/2025\/10\/Foto-Expo-2025-scaled.png\" class=\"attachment-large size-large wp-image-18610\" alt=\"\" srcset=\"https:\/\/academica.uncoma.edu.ar\/wp-content\/uploads\/2025\/10\/Foto-Expo-2025-scaled.png 2560w, https:\/\/academica.uncoma.edu.ar\/wp-content\/uploads\/2025\/10\/Foto-Expo-2025-768x289.png 768w, https:\/\/academica.uncoma.edu.ar\/wp-content\/uploads\/2025\/10\/Foto-Expo-2025-1536x578.png 1536w, https:\/\/academica.uncoma.edu.ar\/wp-content\/uploads\/2025\/10\/Foto-Expo-2025-2048x770.png 2048w\" sizes=\"(max-width: 2560px) 100vw, 2560px\" \/>\t\t\t\t\t\t\t\t\t\t\t\t\t\t\t<\/div>\n\t\t\t\t<\/div>\n\t\t\t\t<section class=\"elementor-section elementor-inner-section elementor-element elementor-element-3845af9e elementor-section-boxed elementor-section-height-default elementor-section-height-default\" data-id=\"3845af9e\" data-element_type=\"section\" data-e-type=\"section\">\n\t\t\t\t\t\t<div class=\"elementor-container elementor-column-gap-default\">\n\t\t\t\t\t<div class=\"elementor-column elementor-col-50 elementor-inner-column elementor-element elementor-element-1bb2c17\" data-id=\"1bb2c17\" data-element_type=\"column\" data-e-type=\"column\" data-settings=\"{&quot;background_background&quot;:&quot;classic&quot;}\">\n\t\t\t<div class=\"elementor-widget-wrap elementor-element-populated\">\n\t\t\t\t\t\t<div class=\"elementor-element elementor-element-15981b6 elementor-widget elementor-widget-heading\" data-id=\"15981b6\" data-element_type=\"widget\" data-e-type=\"widget\" data-widget_type=\"heading.default\">\n\t\t\t\t<div class=\"elementor-widget-container\">\n\t\t\t\t\t<h4 class=\"elementor-heading-title elementor-size-default\">Presentaci\u00f3n de \"Nuestras Carreras\"<\/h4>\t\t\t\t<\/div>\n\t\t\t\t<\/div>\n\t\t\t\t<div class=\"elementor-element elementor-element-1d7b404 elementor-widget elementor-widget-text-editor\" data-id=\"1d7b404\" data-element_type=\"widget\" data-e-type=\"widget\" data-widget_type=\"text-editor.default\">\n\t\t\t\t<div class=\"elementor-widget-container\">\n\t\t\t\t\t\t\t\t\t<p>En esta actividad se presentar\u00e1n a graduados de las diferentes carreras de la UNCO, que contar\u00e1n sus experiencias durante su trayecto acad\u00e9mico, su mirada como ingresantes, c\u00f3mo se formaron hasta construirse como estudiantes universitarios, c\u00f3mo les fue en los primeros ex\u00e1menes, a qui\u00e9n recurr\u00edan en los primeros momentos.<\/p><p>Adem\u00e1s, explicar\u00e1n qu\u00e9 hacen en la actualidad, qu\u00e9 m\u00e1s podr\u00edan hacer en su campo laboral, es decir, su t\u00edtulo para qu\u00e9 otras funciones los habilita (incumbencias profesionales).<\/p><p>Los videos estar\u00e1n disponibles en el canal de YouTube de Secretar\u00eda Acad\u00e9mica UNCo. a partir del mes de octubre de 2026.<\/p>\t\t\t\t\t\t\t\t<\/div>\n\t\t\t\t<\/div>\n\t\t\t\t<div class=\"elementor-element elementor-element-1750359 elementor-widget elementor-widget-image\" data-id=\"1750359\" data-element_type=\"widget\" data-e-type=\"widget\" data-widget_type=\"image.default\">\n\t\t\t\t<div class=\"elementor-widget-container\">\n\t\t\t\t\t\t\t\t\t\t\t\t\t\t\t<img loading=\"lazy\" decoding=\"async\" width=\"768\" height=\"508\" src=\"https:\/\/academica.uncoma.edu.ar\/wp-content\/uploads\/2026\/04\/WhatsApp-Image-2026-04-06-at-11.18.06-768x508.jpeg\" class=\"attachment-medium_large size-medium_large wp-image-19009\" alt=\"\" srcset=\"https:\/\/academica.uncoma.edu.ar\/wp-content\/uploads\/2026\/04\/WhatsApp-Image-2026-04-06-at-11.18.06-768x508.jpeg 768w, https:\/\/academica.uncoma.edu.ar\/wp-content\/uploads\/2026\/04\/WhatsApp-Image-2026-04-06-at-11.18.06-1536x1017.jpeg 1536w, https:\/\/academica.uncoma.edu.ar\/wp-content\/uploads\/2026\/04\/WhatsApp-Image-2026-04-06-at-11.18.06.jpeg 1600w\" sizes=\"(max-width: 768px) 100vw, 768px\" \/>\t\t\t\t\t\t\t\t\t\t\t\t\t\t\t<\/div>\n\t\t\t\t<\/div>\n\t\t\t\t<div class=\"elementor-element elementor-element-a00f8e7 elementor-widget elementor-widget-image\" data-id=\"a00f8e7\" data-element_type=\"widget\" data-e-type=\"widget\" data-widget_type=\"image.default\">\n\t\t\t\t<div class=\"elementor-widget-container\">\n\t\t\t\t\t\t\t\t\t\t\t\t\t\t\t<img loading=\"lazy\" decoding=\"async\" width=\"1440\" height=\"971\" src=\"https:\/\/academica.uncoma.edu.ar\/wp-content\/uploads\/2026\/04\/WhatsApp-Image-2026-04-06-at-11.17.09.jpeg\" class=\"attachment-large size-large wp-image-19008\" alt=\"\" srcset=\"https:\/\/academica.uncoma.edu.ar\/wp-content\/uploads\/2026\/04\/WhatsApp-Image-2026-04-06-at-11.17.09.jpeg 1440w, https:\/\/academica.uncoma.edu.ar\/wp-content\/uploads\/2026\/04\/WhatsApp-Image-2026-04-06-at-11.17.09-768x518.jpeg 768w\" sizes=\"(max-width: 1440px) 100vw, 1440px\" \/>\t\t\t\t\t\t\t\t\t\t\t\t\t\t\t<\/div>\n\t\t\t\t<\/div>\n\t\t\t\t\t<\/div>\n\t\t<\/div>\n\t\t\t\t<div class=\"elementor-column elementor-col-50 elementor-inner-column elementor-element elementor-element-71914d2\" data-id=\"71914d2\" data-element_type=\"column\" data-e-type=\"column\" data-settings=\"{&quot;background_background&quot;:&quot;classic&quot;}\">\n\t\t\t<div class=\"elementor-widget-wrap elementor-element-populated\">\n\t\t\t\t\t\t<div class=\"elementor-element elementor-element-2c05d21 elementor-widget elementor-widget-heading\" data-id=\"2c05d21\" data-element_type=\"widget\" data-e-type=\"widget\" data-widget_type=\"heading.default\">\n\t\t\t\t<div class=\"elementor-widget-container\">\n\t\t\t\t\t<h4 class=\"elementor-heading-title elementor-size-default\">\"Participaci\u00f3n Expo Vocacionales\"<\/h4>\t\t\t\t<\/div>\n\t\t\t\t<\/div>\n\t\t\t\t<div class=\"elementor-element elementor-element-93ee542 elementor-widget elementor-widget-text-editor\" data-id=\"93ee542\" data-element_type=\"widget\" data-e-type=\"widget\" data-widget_type=\"text-editor.default\">\n\t\t\t\t<div class=\"elementor-widget-container\">\n\t\t\t\t\t\t\t\t\t<p>En este dispositivo institucional la DOIE, en forma conjunta con los referentes de las \u00c1reas de Ingreso y Direcciones de Trayectorias Acad\u00e9micas, tiene como objetivos:<\/p><p>&#8211; Difundir la oferta acad\u00e9mica por medio del stand institucional de la UNCo.\u00a0<br \/>&#8211; Establecer un primer contacto con los posibles futuros ingresantes y comunidad en general.<\/p><p>De este modo, la presencia de la UNCo. en estos eventos fortalece la vinculaci\u00f3n entre la universidad, el sistema educativo y la comunidad, promoviendo el acceso y la inclusi\u00f3n en la educaci\u00f3n superior.<\/p><p>Las invitaciones recibidas hasta el momento son:<\/p><p>1- Expo Vocacional organizada por Futura Universidad \u2013 Lugar: ISSI College, Neuqu\u00e9n capital, fecha: 29 de abril de 08:00 a 12:00 horas.<\/p><p>2- Gira de Expo Vocacionales organizada por ECYDENSE (Gobierno de la Provincia de Neuqu\u00e9n):<br \/>. Regi\u00f3n Alto Neuqu\u00e9n: Plaza San Mart\u00edn de Chos Malal \u2013 fecha: 05 y 06 de mayo <br \/>. Regi\u00f3n del Pehu\u00e9n: Paseo La Estaci\u00f3n, Zapala- Fecha: 26 y 27 de agosto<br \/>. Regi\u00f3n Confluencia: Espacio Duam, Neuqu\u00e9n Capital- Fecha: 09, 10 y 11 de septiembre.<\/p><p>3- Expo Carreras organizada por el IFDC \u2013 Villa Regina- Fecha: 31 de agosto.<\/p><p>Contactos:<br \/>Direcci\u00f3n: Buenos Aires 1400 \u2013 (8300) Neuqu\u00e9n capital.<br \/>Tel\u00e9fono: (0299) 4490300 \u2013 interno 259<br \/>Mail: orientacion.estudiantil@central.uncoma.edu.ar<\/p>\t\t\t\t\t\t\t\t<\/div>\n\t\t\t\t<\/div>\n\t\t\t\t\t<\/div>\n\t\t<\/div>\n\t\t\t\t\t<\/div>\n\t\t<\/section>\n\t\t\t\t<div class=\"elementor-element elementor-element-c0cd909 elementor-widget elementor-widget-heading\" data-id=\"c0cd909\" data-element_type=\"widget\" data-e-type=\"widget\" data-widget_type=\"heading.default\">\n\t\t\t\t<div class=\"elementor-widget-container\">\n\t\t\t\t\t<h4 class=\"elementor-heading-title elementor-size-default\">\u201cPrograma: Visitas Guiadas a la UNCo\"<\/h4>\t\t\t\t<\/div>\n\t\t\t\t<\/div>\n\t\t\t\t<div class=\"elementor-element elementor-element-46a0b8d elementor-widget elementor-widget-text-editor\" data-id=\"46a0b8d\" data-element_type=\"widget\" data-e-type=\"widget\" data-widget_type=\"text-editor.default\">\n\t\t\t\t<div class=\"elementor-widget-container\">\n\t\t\t\t\t\t\t\t\t<p>El objetivo de esta actividad es presentar el campus universitario a los visitantes en Neuqu\u00e9n Capital. Est\u00e1 destinada a estudiantes pr\u00f3ximos a egresar del nivel medio de escuelas p\u00fablicas diurnas y vespertinas y escuelas de gesti\u00f3n privada. Este programa se implementa como una actividad interinstitucional, en el que grupos de estudiantes secundarios visitan la Universidad acompa\u00f1ados por asesores pedag\u00f3gicos, profesores y\/o autoridades de la escuela, previamente desde la escuela acuerdan un turno (d\u00eda y hora) de visita.<\/p><p><strong>En una primera instancia, se brinda a los estudiantes visitantes una charla de ambientaci\u00f3n a la vida universitaria y se informa sobre los beneficios y servicios que ofrece la UNCo.<\/strong><\/p><p><strong>En la segunda parte de la actividad se visitan lugares de inter\u00e9s, por ejemplo, ubicaci\u00f3n de los Departamentos de alumnos de las Facultades, Biblioteca Central, Direcci\u00f3n de Becas, Comedor, Gimnasio Polideportivo, Comisi\u00f3n de Accesibilidad al Medio F\u00edsico y Social, Museo, Bosque de la Vida, etc. <\/strong><\/p><p>El recorrido por las instalaciones es coordinado por estudiantes de las c\u00e1tedras Pr\u00e1ctica Profesional Integrada II y III de la carrera Gu\u00eda Universitario de Turismo de la Facultad de Turismo, quienes cumplen por medio de este Programa parte de las horas de su pr\u00e1ctica profesional requerida por la c\u00e1tedra.<br \/>Modalidad: El programa de Visitas Guiadas se ofrece a los referentes de las escuelas de nivel medio de Neuqu\u00e9n y R\u00edo Negro que acompa\u00f1ar\u00e1n a los estudiantes de 5to a\u00f1o de CPEM, CEM y ESRN y 6to de EPET y CET, en dos turnos: ma\u00f1ana, de 09:30 a 12:00 horas y turno tarde de 14:00 a 16:30 horas.<\/p><p><strong>Referentes:<\/strong><br \/><strong>T\u00e9c. Soraya Vichich y GUT Florencia L\u00f3pez<\/strong><br \/><strong>Contacto: tel\u00e9fono 0299 &#8211; 4490300 \/ interno 259, de 09:30 a 17:00 horas.<\/strong><\/p><p style=\"text-align: left;\">\u00a0<\/p>\t\t\t\t\t\t\t\t<\/div>\n\t\t\t\t<\/div>\n\t\t\t\t<div class=\"elementor-element elementor-element-3d375ec elementor-widget elementor-widget-heading\" data-id=\"3d375ec\" data-element_type=\"widget\" data-e-type=\"widget\" data-widget_type=\"heading.default\">\n\t\t\t\t<div class=\"elementor-widget-container\">\n\t\t\t\t\t<h4 class=\"elementor-heading-title elementor-size-default\">\"Visitas Guiadas Accesibles\"<\/h4>\t\t\t\t<\/div>\n\t\t\t\t<\/div>\n\t\t\t\t<div class=\"elementor-element elementor-element-cb0ead2 elementor-widget elementor-widget-text-editor\" data-id=\"cb0ead2\" data-element_type=\"widget\" data-e-type=\"widget\" data-widget_type=\"text-editor.default\">\n\t\t\t\t<div class=\"elementor-widget-container\">\n\t\t\t\t\t\t\t\t\t<p>La DOIE en forma colaborativa con la Comisi\u00f3n de Accesibilidad al Medio F\u00edsico y Social implementan en el marco del Programa Visitas Guiadas a la UNCO, <strong>esta nueva propuesta tiene como objetivo implementar un guiado institucional accesible en el Campus Central de la UNCo. (Neuqu\u00e9n capital) que facilite la orientaci\u00f3n, desplazamiento y conocimiento espacial con autonom\u00eda a personas en situaci\u00f3n de discapacidad.<\/strong><br \/>Est\u00e1n destinadas a estudiantes ingresantes y comunidad en general.<\/p><p>Coordinan el guiado la Becaria Gu\u00eda Universitaria de Turismo, Carolina Arriola Balocchi y equipo de la Comisi\u00f3n de Accesibilidad<\/p><p><strong><span style=\"font-size: 1rem;\">Contacto : tel\u00e9fono Comisi\u00f3n de Accesibilidad: 0299 \u2013 4490300 \/ interno 406, de 08:00 a 15:00 horas.\u00a0 \u00a0 \u00a0 \u00a0 \u00a0 \u00a0 \u00a0 \u00a0 \u00a0 \u00a0 \u00a0 \u00a0 \u00a0 \u00a0 \u00a0 \u00a0 \u00a0 \u00a0 \u00a0 \u00a0 \u00a0 \u00a0 \u00a0 \u00a0 \u00a0 \u00a0 \u00a0 \u00a0 \u00a0 \u00a0 \u00a0 \u00a0 \u00a0 \u00a0 \u00a0 \u00a0 \u00a0 \u00a0 \u00a0 \u00a0 \u00a0 \u00a0 \u00a0 C<\/span><\/strong><strong style=\"font-size: 1rem;\"><span style=\"font-size: 1rem;\">orreo Eletr\u00f3nico: accesiblidad@central.uncoma.edu.aR<\/span><\/strong><\/p>\t\t\t\t\t\t\t\t<\/div>\n\t\t\t\t<\/div>\n\t\t\t\t<div class=\"elementor-element elementor-element-5ec0adf elementor-shape-circle e-grid-align-left elementor-grid-0 elementor-widget elementor-widget-social-icons\" data-id=\"5ec0adf\" data-element_type=\"widget\" data-e-type=\"widget\" data-widget_type=\"social-icons.default\">\n\t\t\t\t<div class=\"elementor-widget-container\">\n\t\t\t\t\t\t\t<div class=\"elementor-social-icons-wrapper elementor-grid\">\n\t\t\t\t\t\t\t<span class=\"elementor-grid-item\">\n\t\t\t\t\t<a class=\"elementor-icon elementor-social-icon elementor-social-icon-facebook elementor-repeater-item-6892d89\" href=\"https:\/\/www.facebook.com\/comisionaccesibilidad.uncomahue\" target=\"_blank\">\n\t\t\t\t\t\t<span class=\"elementor-screen-only\">Facebook<\/span>\n\t\t\t\t\t\t<i aria-hidden=\"true\" class=\"fab fa-facebook\"><\/i>\t\t\t\t\t<\/a>\n\t\t\t\t<\/span>\n\t\t\t\t\t<\/div>\n\t\t\t\t\t\t<\/div>\n\t\t\t\t<\/div>\n\t\t\t\t<div class=\"elementor-element elementor-element-3a31302 elementor-widget elementor-widget-image\" data-id=\"3a31302\" data-element_type=\"widget\" data-e-type=\"widget\" data-widget_type=\"image.default\">\n\t\t\t\t<div class=\"elementor-widget-container\">\n\t\t\t\t\t\t\t\t\t\t\t\t\t\t\t<img loading=\"lazy\" decoding=\"async\" width=\"768\" height=\"660\" src=\"https:\/\/academica.uncoma.edu.ar\/wp-content\/uploads\/2026\/04\/658151471_1513583780774253_2028212974479684647_n-768x660.jpg\" class=\"attachment-medium_large size-medium_large wp-image-18998\" alt=\"\" srcset=\"https:\/\/academica.uncoma.edu.ar\/wp-content\/uploads\/2026\/04\/658151471_1513583780774253_2028212974479684647_n-768x660.jpg 768w, https:\/\/academica.uncoma.edu.ar\/wp-content\/uploads\/2026\/04\/658151471_1513583780774253_2028212974479684647_n.jpg 1024w\" sizes=\"(max-width: 768px) 100vw, 768px\" \/>\t\t\t\t\t\t\t\t\t\t\t\t\t\t\t<\/div>\n\t\t\t\t<\/div>\n\t\t\t\t\t<\/div>\n\t\t<\/div>\n\t\t\t\t\t<\/div>\n\t\t<\/section>\n\t\t\t\t<section class=\"elementor-section elementor-top-section elementor-element elementor-element-5bcd22fb elementor-section-boxed elementor-section-height-default elementor-section-height-default\" data-id=\"5bcd22fb\" data-element_type=\"section\" data-e-type=\"section\" data-settings=\"{&quot;background_background&quot;:&quot;gradient&quot;,&quot;shape_divider_top&quot;:&quot;waves&quot;}\">\n\t\t\t\t\t\t\t<div class=\"elementor-background-overlay\"><\/div>\n\t\t\t\t\t\t<div class=\"elementor-shape elementor-shape-top\" aria-hidden=\"true\" data-negative=\"false\">\n\t\t\t<svg xmlns=\"http:\/\/www.w3.org\/2000\/svg\" viewBox=\"0 0 1000 100\" preserveAspectRatio=\"none\">\n\t<path class=\"elementor-shape-fill\" d=\"M421.9,6.5c22.6-2.5,51.5,0.4,75.5,5.3c23.6,4.9,70.9,23.5,100.5,35.7c75.8,32.2,133.7,44.5,192.6,49.7\n\tc23.6,2.1,48.7,3.5,103.4-2.5c54.7-6,106.2-25.6,106.2-25.6V0H0v30.3c0,0,72,32.6,158.4,30.5c39.2-0.7,92.8-6.7,134-22.4\n\tc21.2-8.1,52.2-18.2,79.7-24.2C399.3,7.9,411.6,7.5,421.9,6.5z\"\/>\n<\/svg>\t\t<\/div>\n\t\t\t\t\t<div class=\"elementor-container elementor-column-gap-default\">\n\t\t\t\t\t<div class=\"elementor-column elementor-col-50 elementor-top-column elementor-element elementor-element-48d7d45c\" data-id=\"48d7d45c\" data-element_type=\"column\" data-e-type=\"column\">\n\t\t\t<div class=\"elementor-widget-wrap elementor-element-populated\">\n\t\t\t\t\t\t<div class=\"elementor-element elementor-element-b98f4 elementor-widget elementor-widget-heading\" data-id=\"b98f4\" data-element_type=\"widget\" data-e-type=\"widget\" data-widget_type=\"heading.default\">\n\t\t\t\t<div class=\"elementor-widget-container\">\n\t\t\t\t\t<h4 class=\"elementor-heading-title elementor-size-default\">inclusi\u00f3n y calidad acad\u00e9mica<\/h4>\t\t\t\t<\/div>\n\t\t\t\t<\/div>\n\t\t\t\t\t<\/div>\n\t\t<\/div>\n\t\t\t\t<div class=\"elementor-column elementor-col-50 elementor-top-column elementor-element elementor-element-4402e15e\" data-id=\"4402e15e\" data-element_type=\"column\" data-e-type=\"column\">\n\t\t\t<div class=\"elementor-widget-wrap elementor-element-populated\">\n\t\t\t\t\t\t<div class=\"elementor-element elementor-element-10321301 elementor-widget elementor-widget-image\" data-id=\"10321301\" data-element_type=\"widget\" data-e-type=\"widget\" data-settings=\"{&quot;motion_fx_motion_fx_scrolling&quot;:&quot;yes&quot;,&quot;motion_fx_translateY_effect&quot;:&quot;yes&quot;,&quot;motion_fx_translateY_direction&quot;:&quot;negative&quot;,&quot;motion_fx_translateY_speed&quot;:{&quot;unit&quot;:&quot;px&quot;,&quot;size&quot;:&quot;1&quot;,&quot;sizes&quot;:[]},&quot;motion_fx_devices&quot;:[&quot;desktop&quot;,&quot;tablet&quot;],&quot;motion_fx_translateY_affectedRange&quot;:{&quot;unit&quot;:&quot;%&quot;,&quot;size&quot;:&quot;&quot;,&quot;sizes&quot;:{&quot;start&quot;:&quot;0&quot;,&quot;end&quot;:&quot;50&quot;}}}\" data-widget_type=\"image.default\">\n\t\t\t\t<div class=\"elementor-widget-container\">\n\t\t\t\t\t\t\t\t\t\t\t\t\t\t\t<img loading=\"lazy\" decoding=\"async\" width=\"720\" height=\"478\" src=\"https:\/\/academica.uncoma.edu.ar\/wp-content\/uploads\/2021\/06\/923446_669830319743837_986119900_n.jpg\" class=\"attachment-full size-full wp-image-13190\" alt=\"\" \/>\t\t\t\t\t\t\t\t\t\t\t\t\t\t\t<\/div>\n\t\t\t\t<\/div>\n\t\t\t\t\t<\/div>\n\t\t<\/div>\n\t\t\t\t\t<\/div>\n\t\t<\/section>\n\t\t<div class=\"elementor-element elementor-element-d36f126 e-flex e-con-boxed e-con e-parent\" data-id=\"d36f126\" data-element_type=\"container\" data-e-type=\"container\">\n\t\t\t\t\t<div class=\"e-con-inner\">\n\t\t<div class=\"elementor-element elementor-element-901d4d4 e-con-full e-flex e-con e-child\" data-id=\"901d4d4\" data-element_type=\"container\" data-e-type=\"container\">\n\t\t\t\t<\/div>\n\t\t<div class=\"elementor-element elementor-element-39ceef0 e-con-full e-flex e-con e-child\" data-id=\"39ceef0\" data-element_type=\"container\" data-e-type=\"container\">\n\t\t\t\t<\/div>\n\t\t\t\t\t<\/div>\n\t\t\t\t<\/div>\n\t\t\t\t<\/div>\n\t\t","protected":false},"excerpt":{"rendered":"<p>Orientaci\u00f3n e Ingreso Estudiantil \u00bfQui\u00e9nes somos? La Direcci\u00f3n de Orientaci\u00f3n e Ingreso Estudiantil (DOIE) es un espacio en el cual los\/as interesados\/as pueden conocer las opciones acad\u00e9micas que ofrece la UNCO y acceder a la informaci\u00f3n acad\u00e9mico-administrativa necesaria para su inscripci\u00f3n. Referentes:Direcci\u00f3n: Prof. Daniela Coria\u00a0 \u00a0 \u00a0 \u00a0 \u00a0 \u00a0 \u00a0 \u00a0 \u00a0 \u00a0 \u00a0 \u00a0 \u00a0 \u00a0 \u00a0 \u00a0 \u00a0 \u00a0 \u00a0 \u00a0 \u00a0 \u00a0 \u00a0 \u00a0 \u00a0 \u00a0 \u00a0 \u00a0 \u00a0 \u00a0 \u00a0 \u00a0 \u00a0 \u00a0 \u00a0 \u00a0 \u00a0 \u00a0 \u00a0 \u00a0 \u00a0 \u00a0 \u00a0 \u00a0 \u00a0 \u00a0 \u00a0 \u00a0 \u00a0 \u00a0 \u00a0 \u00a0 \u00a0 \u00a0 \u00a0 \u00a0 \u00a0 \u00a0 \u00a0 \u00a0 \u00a0 \u00a0 \u00a0 \u00a0 \u00a0 \u00a0 \u00a0 \u00a0 \u00a0 \u00a0 \u00a0 \u00a0 \u00a0 \u00a0 \u00a0 \u00a0 \u00a0 \u00a0 \u00a0 \u00a0 \u00a0 \u00a0 \u00a0 \u00a0 \u00a0 \u00a0 \u00a0 \u00a0 \u00a0 \u00a0 \u00a0 \u00a0 \u00a0 \u00a0 \u00a0 Departamento de Orientaci\u00f3n y Seguimiento: Prof. y Psic. Jorge Saes\u00a0 \u00a0 \u00a0 \u00a0 \u00a0 \u00a0 \u00a0 \u00a0 \u00a0 \u00a0 \u00a0 \u00a0 \u00a0 \u00a0 \u00a0 \u00a0 \u00a0 \u00a0 \u00a0 \u00a0 \u00a0 \u00a0 \u00a0 \u00a0 \u00a0 \u00a0 \u00a0 \u00a0 \u00a0 \u00a0 \u00a0 \u00a0 \u00a0 \u00a0 \u00a0 \u00a0 \u00a0 \u00a0 \u00a0 \u00a0 \u00a0 \u00a0 \u00a0 \u00a0 \u00a0 \u00a0 \u00a0 \u00a0 \u00a0 \u00a0 \u00a0 \u00a0 \u00a0 \u00a0 \u00a0 \u00a0 \u00a0 \u00a0 \u00a0 \u00a0 \u00a0 \u00a0 \u00a0 \u00a0 \u00a0 \u00a0 \u00a0 \u00a0 \u00a0 \u00a0 \u00a0 Difusi\u00f3n: T\u00e9c. Soraya Vichich y GUT Florencia L\u00f3pez. \u00bfQu\u00e9 objetivos generales tiene la DOIE? \u2022 Promover la formaci\u00f3n profesional como un proyecto de vida.\u2022 Colaborar en la reflexi\u00f3n y an\u00e1lisis de las diferentes variables y estrategias que intervienen en el proceso de elecci\u00f3n de una trayectoria acad\u00e9mica para favorecer y mejorar el acceso y permanencia de las personas en la universidad.\u2022 Facilitar el conocimiento del futuro \u00e1mbito de estudio y de servicios que la UNCO brinda a los\/as estudiantes\u2022 Fomentar la construcci\u00f3n del oficio de estudiante universitario en los\/as futuros\/as ingresantes.\u2022 Impulsar la inclusi\u00f3n y contenci\u00f3n de estudiantes provenientes de localidades distantes. \u2022 Implementar actividades orientadas a estudiantes pr\u00f3ximos\/as a egresar del secundario y comunidad en general.\u2022 Trabajar en forma conjunta con los asesores pedag\u00f3gicos, equipos t\u00e9cnicos y directivos de instituciones educativas de nivel medio para promover el acceso a la educaci\u00f3n superior. Contacto: orientacion.estudiantil@central.uncoma.edu.ar\u00a0\u00a0 Segu\u00ed y compart\u00ed nuestras actividades a trav\u00e9s de nuestras redes sociales como \u00abDOIE &#8211; UNComa\u00bb Facebook Instagram Youtube #IngresoUNCo2026 Descargar PDF Carreras \u00c1reas de Ingreso y Subsecretar\u00edas de Trayectorias Acad\u00e9micas de las Unidades Acad\u00e9micas de la Universidad Nacional del Comahue Facultad de Ingenier\u00eda Facultad de Humanidades Facultad de Turismo facultad de Econom\u00eda y Administraci\u00f3n Facultad de Ciencias del Ambiente y la Salud Facultad de Inform\u00e1tica Facultad de Ciencias de la Educaci\u00f3n y Psicolog\u00eda Facultad de Ciencias M\u00e9dicas Facultad de Ciencias Agrarias Facultad de Lenguas Facultad de Derecho y Ciencias Sociales Facultad de Ciencias y Tecnolog\u00eda de los Alimentos Facultad de Ciencias Marinas Complejo Universiatrio Regional Zona Atl\u00e1ntica y Sur Centro Region Universitario Bariloche Centro Regional Universitario San Mart\u00edn de los Andes Centro Regional Universitario Zapala Centro Regional Universitario Zapala Sede Chos Malal NOVEDADES &#8211; NOVEDADES &#8211; NOVEDADES &#8211; NOVEDADES &#8211; NOVEDADES \u00abTalleres y charlas de Orientaci\u00f3n Vocacional\u00bb (OVO) \u00bfEst\u00e1s terminando la escuela secundaria y circula la pregunta acerca del qu\u00e9 hacer el a\u00f1o que viene? \u00bfSe te dificulta pensar en tu elecci\u00f3n vocacional? \u00bfQuer\u00e9s conocer m\u00e1s info de todas las carreras de la UNCo? \ud83e\udded\u2728 Desde la DOIE te invitamos a nuestros Talleres Tem\u00e1ticos de Orientaci\u00f3n Vocacional. Un espacio pensado para habilitar preguntas que permitan reflexionar, buscar informaci\u00f3n y tomar decisiones, teniendo en cuenta que cada elecci\u00f3n es situada. Importante: No vamos a decirte qu\u00e9 estudiar, sino a construir recursos para que puedas resignificar tu elecci\u00f3n vocacional. \u270a \ud83d\udcc5 Agend\u00e1 los s\u00e1bados:\ud83d\udccd 16 de mayo: Puntos de partida.\ud83d\udccd 30 de mayo: Cartograf\u00eda de intereses.\ud83d\udccd 6 de junio: La elecci\u00f3n situada.\ud83d\udccd 4 de julio: Escenarios laborales. \u231a Hora: 11 a 14 hs.\ud83d\udccd Lugar: Aula Magna \u00abSalvador Allende\u00bb, Sede Neuqu\u00e9n UNCo. (calle Buenos Aires 1400).\ud83c\udd93 Es una actividad libre y gratuita. No requiere inscripci\u00f3n previa. \ud83e\udd29 Pod\u00e9s participar con compa\u00f1eros\/as y amigos\/as que est\u00e9n interesados\/as en la actividad. \u00a1Te esperamos para acompa\u00f1arte a mapear un trayecto futuro! \u00a0 \u00abTalleres y charlas de Orientaci\u00f3n Vocacional\u00bb (OVO) \u2022 Estas actividades, a cargo del Prof. Y Psic.Jorge Saes, tienen como objetivo acompa\u00f1ar a los futuros ingresantes en el proceso de elecci\u00f3n de una carrera a trav\u00e9s de diferentes intervenciones de orientaci\u00f3n vocacional: \u2022 Talleres tem\u00e1ticos de orientaci\u00f3n Vocacional: se realizar\u00e1n en el Aula Magna \u201cSalvador Allende\u201d los d\u00edas s\u00e1bados de 11:00 a 14:00 horas. Es una actividad destinada a estudiante pr\u00f3ximos a egresar del nivel medio y comunidad en general. No requiere inscripci\u00f3n previa y pretende un seguimiento y acompa\u00f1amiento en el proceso de elecci\u00f3n de carreras. \u2022 Talleres de Orientaci\u00f3n Construyendo Vocaciones: destinado a estudiantes de turno vespertino o nocturno, en el horario de 19:00 a 22:00 horas,\u00a0 en el Aula Magna \u201cSalvador Allende\u201d, con previa coordinaci\u00f3n con las escuelas secundarias de planes de 3 y 4 a\u00f1os. \u2022 Procesos Grupales de Orientaci\u00f3n Vocacional: comenzar\u00e1n en el mes de junio, luego de los primeros talleres tem\u00e1ticos de Orientaci\u00f3n Vocacional. Ser\u00e1n cuatro o cinco encuentros con frecuencia semanal y en grupos reducidos de participantes. Es una actividad con inscripci\u00f3n previa. Lugar a designar. \u2022 Espacios de orientaci\u00f3n vocacional en l\u00ednea (modalidad virtual): en el segundo cuatrimestre del a\u00f1o se definir\u00e1n fechas y un formato espec\u00edfico de acompa\u00f1amiento a estudiantes con modalidad virtual. \u2022 Charlas de Orientaci\u00f3n Vocacional en Expo Vocacionales. \u2022 Espacio de Orientaci\u00f3n para familias de ingresantes universitarios: fecha a definir en el mes de diciembre. M\u00e1s informaci\u00f3n:Tel\u00e9fono: (0299) 4490300 interno 259.Mail: talleres.vocacionales@central.uncoma.edu.ar Presentaci\u00f3n de \u00abNuestras Carreras\u00bb En esta actividad se presentar\u00e1n a graduados de las diferentes carreras de la UNCO, que contar\u00e1n sus experiencias durante su trayecto acad\u00e9mico, su mirada como ingresantes, c\u00f3mo se formaron hasta construirse como estudiantes universitarios, c\u00f3mo les fue en los primeros ex\u00e1menes, a qui\u00e9n recurr\u00edan en los primeros momentos. Adem\u00e1s, explicar\u00e1n qu\u00e9 hacen en la actualidad, qu\u00e9 m\u00e1s podr\u00edan hacer en su campo laboral, es decir, su t\u00edtulo para qu\u00e9 otras funciones los habilita (incumbencias profesionales). Los videos estar\u00e1n disponibles en el canal de YouTube de Secretar\u00eda Acad\u00e9mica UNCo. a partir del mes de octubre de 2026. \u00abParticipaci\u00f3n Expo Vocacionales\u00bb En este dispositivo institucional la DOIE, en forma conjunta con los referentes de las \u00c1reas de Ingreso y Direcciones de Trayectorias Acad\u00e9micas, tiene como objetivos: &#8211; Difundir la oferta acad\u00e9mica por medio del stand institucional de la UNCo.\u00a0&#8211; Establecer un primer contacto con los posibles futuros ingresantes y comunidad en general. De este modo, la presencia de la UNCo. en estos eventos fortalece la vinculaci\u00f3n entre la universidad, el sistema educativo y la comunidad, promoviendo el acceso y la inclusi\u00f3n en la educaci\u00f3n superior. Las invitaciones recibidas hasta el momento son: 1- Expo Vocacional organizada por Futura Universidad \u2013 Lugar: ISSI College, Neuqu\u00e9n capital, fecha: 29 de abril de 08:00 a 12:00 horas. 2- Gira de Expo Vocacionales organizada por ECYDENSE (Gobierno de la Provincia de Neuqu\u00e9n):. Regi\u00f3n Alto Neuqu\u00e9n: Plaza San Mart\u00edn de Chos Malal \u2013 fecha: 05 y 06 de mayo . Regi\u00f3n del Pehu\u00e9n: Paseo La Estaci\u00f3n, Zapala- Fecha: 26 y 27 de agosto. Regi\u00f3n Confluencia: Espacio Duam, Neuqu\u00e9n Capital- Fecha: 09, 10 y 11 de septiembre. 3- Expo Carreras organizada por el IFDC \u2013 Villa Regina- Fecha: 31 de agosto. Contactos:Direcci\u00f3n: Buenos Aires 1400 \u2013 (8300) Neuqu\u00e9n capital.Tel\u00e9fono: (0299) 4490300 \u2013 interno 259Mail: orientacion.estudiantil@central.uncoma.edu.ar \u201cPrograma: Visitas Guiadas a la UNCo\u00bb El objetivo de esta actividad es presentar el campus universitario a los visitantes en Neuqu\u00e9n Capital. Est\u00e1 destinada a estudiantes pr\u00f3ximos a egresar del nivel medio de escuelas p\u00fablicas diurnas y vespertinas y escuelas de gesti\u00f3n privada. Este programa se implementa como una actividad interinstitucional, en el que grupos de estudiantes secundarios visitan la Universidad acompa\u00f1ados por asesores pedag\u00f3gicos, profesores y\/o autoridades de la escuela, previamente desde la escuela acuerdan un turno (d\u00eda y hora) de visita. En una primera instancia, se brinda a los estudiantes visitantes una charla de ambientaci\u00f3n a la vida universitaria y se informa sobre los beneficios y servicios que ofrece la UNCo. En la segunda parte de la actividad se visitan lugares de inter\u00e9s, por ejemplo, ubicaci\u00f3n de los Departamentos de alumnos de las Facultades, Biblioteca Central, Direcci\u00f3n de Becas, Comedor, Gimnasio Polideportivo, Comisi\u00f3n de Accesibilidad al Medio F\u00edsico y Social, Museo, Bosque de la Vida, etc. El recorrido por las instalaciones es coordinado por estudiantes de las c\u00e1tedras Pr\u00e1ctica Profesional Integrada II y III de la carrera Gu\u00eda Universitario de Turismo de la Facultad de Turismo, quienes cumplen por medio de este Programa parte de las horas de su pr\u00e1ctica profesional requerida por la c\u00e1tedra.Modalidad: El programa de Visitas Guiadas se ofrece a los referentes de las escuelas de nivel medio de Neuqu\u00e9n y R\u00edo Negro que acompa\u00f1ar\u00e1n a los estudiantes de 5to a\u00f1o de CPEM, CEM y ESRN y 6to de EPET y CET, en dos turnos: ma\u00f1ana, de 09:30 a 12:00 horas y turno tarde de 14:00 a 16:30 horas. Referentes:T\u00e9c. Soraya Vichich y GUT Florencia L\u00f3pezContacto: tel\u00e9fono 0299 &#8211; 4490300 \/ interno 259, de 09:30 a 17:00 horas. \u00a0 \u00abVisitas Guiadas Accesibles\u00bb La DOIE en forma colaborativa con la Comisi\u00f3n de Accesibilidad al Medio F\u00edsico y Social implementan en el marco del Programa Visitas Guiadas a la UNCO, esta nueva propuesta tiene como objetivo implementar un guiado institucional accesible en el Campus Central de la UNCo. (Neuqu\u00e9n capital) que facilite la orientaci\u00f3n, desplazamiento y conocimiento espacial con autonom\u00eda a personas en situaci\u00f3n de discapacidad.Est\u00e1n destinadas a estudiantes ingresantes y comunidad en general. Coordinan el guiado la Becaria Gu\u00eda Universitaria de Turismo, Carolina Arriola Balocchi y equipo de la Comisi\u00f3n de Accesibilidad Contacto : tel\u00e9fono Comisi\u00f3n de Accesibilidad: 0299 \u2013 4490300 \/ interno 406, de 08:00 a 15:00 horas.\u00a0 \u00a0 \u00a0 \u00a0 \u00a0 \u00a0 \u00a0 \u00a0 \u00a0 \u00a0 \u00a0 \u00a0 \u00a0 \u00a0 \u00a0 \u00a0 \u00a0 \u00a0 \u00a0 \u00a0 \u00a0 \u00a0 \u00a0 \u00a0 \u00a0 \u00a0 \u00a0 \u00a0 \u00a0 \u00a0 \u00a0 \u00a0 \u00a0 \u00a0 \u00a0 \u00a0 \u00a0 \u00a0 \u00a0 \u00a0 \u00a0 \u00a0 \u00a0 Correo Eletr\u00f3nico: accesiblidad@central.uncoma.edu.aR Facebook inclusi\u00f3n y calidad acad\u00e9mica<\/p>\n","protected":false},"author":1,"featured_media":0,"parent":0,"menu_order":0,"comment_status":"closed","ping_status":"closed","template":"","meta":{"_acf_changed":false,"footnotes":""},"class_list":["post-13144","page","type-page","status-publish","hentry"],"acf":[],"_links":{"self":[{"href":"https:\/\/academica.uncoma.edu.ar\/index.php\/wp-json\/wp\/v2\/pages\/13144","targetHints":{"allow":["GET"]}}],"collection":[{"href":"https:\/\/academica.uncoma.edu.ar\/index.php\/wp-json\/wp\/v2\/pages"}],"about":[{"href":"https:\/\/academica.uncoma.edu.ar\/index.php\/wp-json\/wp\/v2\/types\/page"}],"author":[{"embeddable":true,"href":"https:\/\/academica.uncoma.edu.ar\/index.php\/wp-json\/wp\/v2\/users\/1"}],"replies":[{"embeddable":true,"href":"https:\/\/academica.uncoma.edu.ar\/index.php\/wp-json\/wp\/v2\/comments?post=13144"}],"version-history":[{"count":661,"href":"https:\/\/academica.uncoma.edu.ar\/index.php\/wp-json\/wp\/v2\/pages\/13144\/revisions"}],"predecessor-version":[{"id":19076,"href":"https:\/\/academica.uncoma.edu.ar\/index.php\/wp-json\/wp\/v2\/pages\/13144\/revisions\/19076"}],"wp:attachment":[{"href":"https:\/\/academica.uncoma.edu.ar\/index.php\/wp-json\/wp\/v2\/media?parent=13144"}],"curies":[{"name":"wp","href":"https:\/\/api.w.org\/{rel}","templated":true}]}}